{"id":312,"date":"2020-01-27T08:29:32","date_gmt":"2020-01-27T07:29:32","guid":{"rendered":"https:\/\/obliczaprocesukarnego.usz.edu.pl\/index.php\/15c42-web-agency-gb-contact-us\/"},"modified":"2026-05-09T20:57:03","modified_gmt":"2026-05-09T18:57:03","slug":"organizator","status":"publish","type":"page","link":"https:\/\/obliczaprocesukarnego.usz.edu.pl\/index.php\/organizator\/","title":{"rendered":"Organizator"},"content":{"rendered":"<!-- wp:themify-builder\/canvas \/-->\n\n\n<div style=\"height:100px\" aria-hidden=\"true\" class=\"wp-block-spacer\"><\/div>\n\n\n\n<h2 class=\"wp-block-heading has-text-align-center\">Zesp\u00f3\u0142 Badawczy Prawa Karnego Procesowego<\/h2>\n\n\n<div class=\"wp-block-image\">\n<figure class=\"aligncenter size-large is-resized\"><img loading=\"lazy\" decoding=\"async\" width=\"1024\" height=\"395\" src=\"https:\/\/obliczaprocesukarnego.usz.edu.pl\/wp-content\/uploads\/2023\/09\/WPiA-USZ-1024x395.png\" alt=\"\" class=\"wp-image-369\" style=\"aspect-ratio:2.5924050632911393;width:324px;height:auto\" srcset=\"https:\/\/obliczaprocesukarnego.usz.edu.pl\/wp-content\/uploads\/2023\/09\/WPiA-USZ-1024x395.png 1024w, https:\/\/obliczaprocesukarnego.usz.edu.pl\/wp-content\/uploads\/2023\/09\/WPiA-USZ-300x116.png 300w, https:\/\/obliczaprocesukarnego.usz.edu.pl\/wp-content\/uploads\/2023\/09\/WPiA-USZ-768x296.png 768w, https:\/\/obliczaprocesukarnego.usz.edu.pl\/wp-content\/uploads\/2023\/09\/WPiA-USZ-1024x395-342x131.png 342w, https:\/\/obliczaprocesukarnego.usz.edu.pl\/wp-content\/uploads\/2023\/09\/WPiA-USZ.png 1358w\" sizes=\"auto, (max-width: 1024px) 100vw, 1024px\" \/><\/figure>\n<\/div>\n\n\n<div style=\"height:100px\" aria-hidden=\"true\" class=\"wp-block-spacer\"><\/div>\n\n\n\n<div class=\"wp-block-group is-nowrap is-layout-flex wp-container-core-group-is-layout-8f761849 wp-block-group-is-layout-flex\">\n<p class=\"wp-block-paragraph\"><\/p>\n\n\n\n<div class=\"wp-block-media-text is-stacked-on-mobile\" style=\"grid-template-columns:22% auto\"><figure class=\"wp-block-media-text__media\"><img loading=\"lazy\" decoding=\"async\" width=\"1024\" height=\"1024\" src=\"https:\/\/obliczaprocesukarnego.usz.edu.pl\/wp-content\/uploads\/2023\/10\/H_Paluszkiewicz-1024x1024.jpg\" alt=\"\" class=\"wp-image-499 size-full\" srcset=\"https:\/\/obliczaprocesukarnego.usz.edu.pl\/wp-content\/uploads\/2023\/10\/H_Paluszkiewicz-1024x1024.jpg 1024w, https:\/\/obliczaprocesukarnego.usz.edu.pl\/wp-content\/uploads\/2023\/10\/H_Paluszkiewicz-300x300.jpg 300w, https:\/\/obliczaprocesukarnego.usz.edu.pl\/wp-content\/uploads\/2023\/10\/H_Paluszkiewicz-150x150.jpg 150w, https:\/\/obliczaprocesukarnego.usz.edu.pl\/wp-content\/uploads\/2023\/10\/H_Paluszkiewicz-768x768.jpg 768w, https:\/\/obliczaprocesukarnego.usz.edu.pl\/wp-content\/uploads\/2023\/10\/H_Paluszkiewicz.jpg 1107w\" sizes=\"auto, (max-width: 1024px) 100vw, 1024px\" \/><\/figure><div class=\"wp-block-media-text__content\">\n<p class=\"wp-block-paragraph\"><\/p>\n\n\n\n<h3 class=\"wp-block-heading\"><strong>prof. dr hab. Hanna Paluszkiewicz<\/strong><\/h3>\n\n\n\n<p class=\"wp-block-paragraph\">Profesor nauk prawnych, zatrudniona na stanowisku Profesora na Wydziale Prawa i Administracji Uniwersytetu Szczeci\u0144skiego, Kierownik Zespo\u0142u Badawczego Prawa Karnego Procesowego WPiA US, Przewodnicz\u0105ca Komisji Dyscyplinarnej przy Radzie G\u0142\u00f3wnej Nauki i Szkolnictwa Wy\u017cszego (kadencja 2021-2024), radca prawny, autorka ponad stu publikacji.<\/p>\n\n\n\n<p class=\"wp-block-paragraph\">Prowadzi badania w zakresie praktycznych i teoretycznych aspekt\u00f3w procesu karnego, a w szczeg\u00f3lno\u015bci orzekania poza rozpraw\u0105, praktycznych aspekt\u00f3w posiedze\u0144 s\u0105dowych, sytuacji procesowej pokrzywdzonych, problematyki zasad procesowych, a tak\u017ce intertemporalistyki na gruncie tej dziedziny prawa. Analizuje wp\u0142yw prawa karnego procesowego na post\u0119powania dyscyplinarne oraz na post\u0119powanie w sprawach o przest\u0119pstwa skarbowe i wykroczenia skarbowe.<\/p>\n<\/div><\/div>\n\n\n\n<div aria-hidden=\"true\" class=\"wp-block-spacer\"><\/div>\n<\/div>\n\n\n\n<div style=\"height:100px\" aria-hidden=\"true\" class=\"wp-block-spacer\"><\/div>\n\n\n\n<div class=\"wp-block-media-text is-stacked-on-mobile\" style=\"grid-template-columns:22% auto\"><figure class=\"wp-block-media-text__media\"><img loading=\"lazy\" decoding=\"async\" width=\"1024\" height=\"1024\" src=\"https:\/\/obliczaprocesukarnego.usz.edu.pl\/wp-content\/uploads\/2024\/05\/M-Nawrocki-1024x1024.png\" alt=\"\" class=\"wp-image-739 size-full\" srcset=\"https:\/\/obliczaprocesukarnego.usz.edu.pl\/wp-content\/uploads\/2024\/05\/M-Nawrocki-1024x1024.png 1024w, https:\/\/obliczaprocesukarnego.usz.edu.pl\/wp-content\/uploads\/2024\/05\/M-Nawrocki-300x300.png 300w, https:\/\/obliczaprocesukarnego.usz.edu.pl\/wp-content\/uploads\/2024\/05\/M-Nawrocki-150x150.png 150w, https:\/\/obliczaprocesukarnego.usz.edu.pl\/wp-content\/uploads\/2024\/05\/M-Nawrocki-768x768.png 768w, https:\/\/obliczaprocesukarnego.usz.edu.pl\/wp-content\/uploads\/2024\/05\/M-Nawrocki-1536x1536.png 1536w, https:\/\/obliczaprocesukarnego.usz.edu.pl\/wp-content\/uploads\/2024\/05\/M-Nawrocki-2048x2048.png 2048w\" sizes=\"auto, (max-width: 1024px) 100vw, 1024px\" \/><\/figure><div class=\"wp-block-media-text__content\">\n<p class=\"wp-block-paragraph\"><\/p>\n\n\n\n<h3 class=\"wp-block-heading\"><strong>dr hab. Mariusz Nawrocki, prof. US<\/strong><\/h3>\n\n\n\n<p class=\"wp-block-paragraph\">Prodziekan ds. Nauki i Rozwoju Wydzia\u0142u Prawa i Administracji Uniwersytetu Szczeci\u0144skiego. <\/p>\n\n\n\n<p class=\"wp-block-paragraph\">W 2010 roku uko\u0144czy\u0142 studia prawnicze na Wydziale Prawa i Administracji US. W tym samym roku rozpocz\u0105\u0142 prac\u0119 w charakterze asystenta w Katedrze Prawa Karnego WPiA US. Przygotowa\u0142 prac\u0119 doktorsk\u0105 pt. \u201eCzas pope\u0142nienia czynu zabronionego w polskim prawie karnym (Podstawowe zagadnienia materialno-prawne)\u201d, uzyskuj\u0105c na jej podstawie w 2013 r. stopie\u0144 doktora nauk prawnych. Kontynuowa\u0142 zatrudnienie jako adiunkt, pracuj\u0105c zar\u00f3wno naukowo, jak i dydaktycznie. Na podstawie wydanej w 2019 r. monografii pt. B\u0142\u0105d jako znami\u0119 typu czynu zabronionego w polskim prawie karnym oraz pozosta\u0142ego dorobku naukowego, na mocy uchwa\u0142y Rady Naukowej WPiA US z 26 czerwca 2020 r. uzyska\u0142 stopie\u0144 doktora habilitowanego nauk prawnych. Od 1 pa\u017adziernika 2021 r. zatrudniony jako profesor uczelni w Uniwersytecie Szczeci\u0144skim. Aktualnie cz\u0142onek Zespo\u0142u Badawczego Prawa Karnego Procesowego na WPiA US. Od lat zwi\u0105zany z wymiarem sprawiedliwo\u015bci, pocz\u0105tkowo pracuj\u0105c jako asystent s\u0119dziego, referendarz s\u0105dowy, a obecnie jako s\u0119dzia.<\/p>\n\n\n\n<p class=\"wp-block-paragraph\">W pracy naukowej zajmuje si\u0119 zagadnieniami z zakresu materialnego i procesowego prawa karnego.<\/p>\n\n\n\n<p class=\"wp-block-paragraph\"><\/p>\n<\/div><\/div>\n\n\n\n<div style=\"height:100px\" aria-hidden=\"true\" class=\"wp-block-spacer\"><\/div>\n\n\n\n<div class=\"wp-block-group is-nowrap is-layout-flex wp-container-core-group-is-layout-8f761849 wp-block-group-is-layout-flex\">\n<p class=\"wp-block-paragraph\"><\/p>\n\n\n\n<div class=\"wp-block-media-text is-stacked-on-mobile\" style=\"grid-template-columns:23% auto\"><figure class=\"wp-block-media-text__media\"><img loading=\"lazy\" decoding=\"async\" width=\"1024\" height=\"1024\" src=\"https:\/\/obliczaprocesukarnego.usz.edu.pl\/wp-content\/uploads\/2023\/10\/M_Jasinska-1024x1024.jpg\" alt=\"\" class=\"wp-image-512 size-full\" srcset=\"https:\/\/obliczaprocesukarnego.usz.edu.pl\/wp-content\/uploads\/2023\/10\/M_Jasinska-1024x1024.jpg 1024w, https:\/\/obliczaprocesukarnego.usz.edu.pl\/wp-content\/uploads\/2023\/10\/M_Jasinska-300x300.jpg 300w, https:\/\/obliczaprocesukarnego.usz.edu.pl\/wp-content\/uploads\/2023\/10\/M_Jasinska-150x150.jpg 150w, https:\/\/obliczaprocesukarnego.usz.edu.pl\/wp-content\/uploads\/2023\/10\/M_Jasinska-768x768.jpg 768w, https:\/\/obliczaprocesukarnego.usz.edu.pl\/wp-content\/uploads\/2023\/10\/M_Jasinska.jpg 1107w\" sizes=\"auto, (max-width: 1024px) 100vw, 1024px\" \/><\/figure><div class=\"wp-block-media-text__content\">\n<p class=\"wp-block-paragraph\"><\/p>\n\n\n\n<h3 class=\"wp-block-heading\"><strong>dr Marta Jasi\u0144ska<\/strong><\/h3>\n\n\n\n<p class=\"wp-block-paragraph\">Doktor nauk prawnych, zatrudniona na stanowisku Adiunkta na Wydziale Prawa i Administracji Uniwersytetu Szczeci\u0144skiego, Przewodnicz\u0105ca Zespo\u0142u kierunku Prawo s\u0142u\u017cb mundurowych, Koordynator Zespo\u0142u ds. Kontaktu ze Szko\u0142ami \u015arednimi, Koordynator Sekcji Karnej Studenckiej Poradni Prawnej dzia\u0142aj\u0105cej w ramach Kliniki Prawa WPiA US, Cz\u0142onkini pracowni Projekt\u00f3w Dydaktycznych i Naukowych, Opiekun Ko\u0142a Naukowego Nauk Penalnych \u201cUltima Ratio\u201d, Rzecznik dyscyplinarny ds. Student\u00f3w US, Cz\u0142onkini Zespo\u0142u Badawczego Prawa Karnego Procesowego WPiA US, uko\u0144czy\u0142a aplikacj\u0119 adwokack\u0105 (Szczeci\u0144ska Izba Adwokacka).<\/p>\n\n\n\n<p class=\"wp-block-paragraph\">Zainteresowania naukowe to prawo karne procesowe, post\u0119powanie przygotowawcze, \u015brodki przymusu, post\u0119powanie dowodowe, mediacja karna, post\u0119powanie dyscyplinarne oraz prawo karne skarbowe.<\/p>\n\n\n\n<p class=\"wp-block-paragraph\"><\/p>\n<\/div><\/div>\n<\/div>\n\n\n\n<div style=\"height:100px\" aria-hidden=\"true\" class=\"wp-block-spacer\"><\/div>\n\n\n\n<div class=\"wp-block-media-text is-stacked-on-mobile\" style=\"grid-template-columns:22% auto\"><figure class=\"wp-block-media-text__media\"><img loading=\"lazy\" decoding=\"async\" width=\"768\" height=\"1024\" src=\"https:\/\/obliczaprocesukarnego.usz.edu.pl\/wp-content\/uploads\/2026\/05\/dr-Sebastian-Kowalski-zdjecie-SKSP-768x1024.jpg\" alt=\"\" class=\"wp-image-1309 size-full\" srcset=\"https:\/\/obliczaprocesukarnego.usz.edu.pl\/wp-content\/uploads\/2026\/05\/dr-Sebastian-Kowalski-zdjecie-SKSP-768x1024.jpg 768w, https:\/\/obliczaprocesukarnego.usz.edu.pl\/wp-content\/uploads\/2026\/05\/dr-Sebastian-Kowalski-zdjecie-SKSP-225x300.jpg 225w, https:\/\/obliczaprocesukarnego.usz.edu.pl\/wp-content\/uploads\/2026\/05\/dr-Sebastian-Kowalski-zdjecie-SKSP.jpg 1138w\" sizes=\"auto, (max-width: 768px) 100vw, 768px\" \/><\/figure><div class=\"wp-block-media-text__content\">\n<p class=\"wp-block-paragraph\"><\/p>\n\n\n\n<h3 class=\"wp-block-heading\"><strong>dr Sebastian Kowalski<\/strong><\/h3>\n\n\n\n<p class=\"wp-block-paragraph\">Doktor nauk prawnych, zatrudniony na stanowiska Adiunkta na Wydziale Prawa i Administracji Uniwersytetu Szczeci\u0144skiego, Cz\u0142onek Zespo\u0142u Badawczego Prawa Karnego Procesowego Wydzia\u0142u Prawa i Administracji US, Cz\u0142onek Zespo\u0142u kierunku Prawo s\u0142u\u017cb mundurowych, wyk\u0142adowca na studiach podyplomowych kierowanych do s\u0119dzi\u00f3w i prokurator\u00f3w, s\u0119dzia.<\/p>\n\n\n\n<p class=\"wp-block-paragraph\">Prowadzi badania z zakresu prawa karnego gospodarczego i prawa wykrocze\u0144.<\/p>\n\n\n\n<p class=\"wp-block-paragraph\"><\/p>\n<\/div><\/div>\n\n\n\n<div style=\"height:100px\" aria-hidden=\"true\" class=\"wp-block-spacer\"><\/div>\n\n\n\n<div class=\"wp-block-media-text is-stacked-on-mobile\" style=\"grid-template-columns:21% auto\"><figure class=\"wp-block-media-text__media\"><img decoding=\"async\" src=\"https:\/\/obliczaprocesukarnego.usz.edu.pl\/wp-content\/uploads\/2023\/10\/reshot-icon-image-UBGCNTD6H8.svg\" alt=\"\" class=\"wp-image-536 size-full\"\/><\/figure><div class=\"wp-block-media-text__content\">\n<p class=\"wp-block-paragraph\"><\/p>\n\n\n\n<h3 class=\"wp-block-heading\"><strong>dr Magdalena Zamroczy\u0144ska<\/strong><\/h3>\n\n\n\n<p class=\"wp-block-paragraph\">Doktor nauk prawnych, zatrudniona na stanowisku Adiunkta na Wydziale Prawa i Administracji Uniwersytetu Szczeci\u0144skiego, Cz\u0142onek Zespo\u0142u Badawczego Prawa Karnego Procesowego Wydzia\u0142u Prawa i Administracji US. Adwokat (Okr\u0119gowa Rada Adwokacka w Poznaniu).<\/p>\n\n\n\n<p class=\"wp-block-paragraph\"><\/p>\n<\/div><\/div>\n\n\n\n<div style=\"height:100px\" aria-hidden=\"true\" class=\"wp-block-spacer\"><\/div>\n\n\n\n<div class=\"wp-block-media-text is-stacked-on-mobile\" style=\"grid-template-columns:22% auto\"><figure class=\"wp-block-media-text__media\"><img loading=\"lazy\" decoding=\"async\" width=\"1024\" height=\"1024\" src=\"https:\/\/obliczaprocesukarnego.usz.edu.pl\/wp-content\/uploads\/2024\/05\/H_Kocur-1024x1024-1.png\" alt=\"\" class=\"wp-image-750 size-full\" srcset=\"https:\/\/obliczaprocesukarnego.usz.edu.pl\/wp-content\/uploads\/2024\/05\/H_Kocur-1024x1024-1.png 1024w, https:\/\/obliczaprocesukarnego.usz.edu.pl\/wp-content\/uploads\/2024\/05\/H_Kocur-1024x1024-1-300x300.png 300w, https:\/\/obliczaprocesukarnego.usz.edu.pl\/wp-content\/uploads\/2024\/05\/H_Kocur-1024x1024-1-150x150.png 150w, https:\/\/obliczaprocesukarnego.usz.edu.pl\/wp-content\/uploads\/2024\/05\/H_Kocur-1024x1024-1-768x768.png 768w\" sizes=\"auto, (max-width: 1024px) 100vw, 1024px\" \/><\/figure><div class=\"wp-block-media-text__content\">\n<p class=\"wp-block-paragraph\"><\/p>\n\n\n\n<h3 class=\"wp-block-heading\"><strong>dr Hubert Kocur<\/strong><\/h3>\n\n\n\n<p class=\"wp-block-paragraph\">Doktor nauk prawnych, zatrudniony na stanowisku Adiunkta na Wydziale Prawa i Administracji Uniwersytetu Szczeci\u0144skiego, cz\u0142onek Zespo\u0142u kierunku Prawo s\u0142u\u017cb mundurowych, cz\u0142onek Zespo\u0142u Badawczego Prawa Karnego Procesowego WPiA US, cz\u0142onek Akademii LEX VR, absolwent Szko\u0142y Doktorskiej Uniwersytetu Szczeci\u0144skiego, aplikant radcowski (Okr\u0119gowa Izba Radc\u00f3w Prawnych w Zielonej G\u00f3rze).<\/p>\n\n\n\n<p class=\"wp-block-paragraph\">Jego zainteresowania naukowe koncentruj\u0105 si\u0119 na prawie karnym procesowym, w szczeg\u00f3lno\u015bci na informatyzacji post\u0119powania karnego, zasadach procesowych oraz czynno\u015bciach procesowych.<\/p>\n<\/div><\/div>\n\n\n\n<div style=\"height:100px\" aria-hidden=\"true\" class=\"wp-block-spacer\"><\/div>\n\n\n\n<div class=\"wp-block-media-text is-stacked-on-mobile\" style=\"grid-template-columns:21% auto\"><figure class=\"wp-block-media-text__media\"><img loading=\"lazy\" decoding=\"async\" width=\"1024\" height=\"1024\" src=\"https:\/\/obliczaprocesukarnego.usz.edu.pl\/wp-content\/uploads\/2024\/06\/Aleksandra-Zygmund-Bogacz-1024x1024.jpg\" alt=\"\" class=\"wp-image-774 size-full\" srcset=\"https:\/\/obliczaprocesukarnego.usz.edu.pl\/wp-content\/uploads\/2024\/06\/Aleksandra-Zygmund-Bogacz-1024x1024.jpg 1024w, https:\/\/obliczaprocesukarnego.usz.edu.pl\/wp-content\/uploads\/2024\/06\/Aleksandra-Zygmund-Bogacz-300x300.jpg 300w, https:\/\/obliczaprocesukarnego.usz.edu.pl\/wp-content\/uploads\/2024\/06\/Aleksandra-Zygmund-Bogacz-150x150.jpg 150w, https:\/\/obliczaprocesukarnego.usz.edu.pl\/wp-content\/uploads\/2024\/06\/Aleksandra-Zygmund-Bogacz-768x768.jpg 768w, https:\/\/obliczaprocesukarnego.usz.edu.pl\/wp-content\/uploads\/2024\/06\/Aleksandra-Zygmund-Bogacz-1536x1536.jpg 1536w, https:\/\/obliczaprocesukarnego.usz.edu.pl\/wp-content\/uploads\/2024\/06\/Aleksandra-Zygmund-Bogacz.jpg 1667w\" sizes=\"auto, (max-width: 1024px) 100vw, 1024px\" \/><\/figure><div class=\"wp-block-media-text__content\">\n<p class=\"wp-block-paragraph\"><\/p>\n\n\n\n<h3 class=\"wp-block-heading\"><strong>mgr Aleksandra Zygmund-Bogacz<\/strong><\/h3>\n\n\n\n<p class=\"wp-block-paragraph\">Wyk\u0142adowca w Zespole Prawa Karnego Procesowego Wydzia\u0142u Prawa i Administracji Uniwersytetu Szczeci\u0144skiego, s\u0119dzia S\u0105du Rejonowego w Gorzowie Wlkp., z kilkunastoletnim dorobkiem orzeczniczym w dziedzinie prawa karnego materialnego i procesowego, prawa wykrocze\u0144 i prawa karnego skarbowego.<\/p>\n\n\n\n<p class=\"wp-block-paragraph\">Autorka program\u00f3w i projekt\u00f3w edukacyjnych w ramach edukacji prawnej dzieci i m\u0142odzie\u017cy.<\/p>\n\n\n\n<p class=\"wp-block-paragraph\"><\/p>\n<\/div><\/div>\n\n\n\n<div style=\"height:100px\" aria-hidden=\"true\" class=\"wp-block-spacer\"><\/div>\n\n\n\n<div class=\"wp-block-media-text is-stacked-on-mobile\" style=\"grid-template-columns:21% auto\"><figure class=\"wp-block-media-text__media\"><img decoding=\"async\" src=\"https:\/\/obliczaprocesukarnego.usz.edu.pl\/wp-content\/uploads\/2023\/10\/reshot-icon-image-UBGCNTD6H8.svg\" alt=\"\" class=\"wp-image-536 size-full\"\/><\/figure><div class=\"wp-block-media-text__content\">\n<p class=\"wp-block-paragraph\"><\/p>\n\n\n\n<h3 class=\"wp-block-heading\"><strong>mgr Arkadiusz Krupa<\/strong><\/h3>\n\n\n\n<p class=\"wp-block-paragraph\">Magister prawa, zatrudniony na stanowisku asystenta na Wydziale Prawa i Administracji Uniwersytetu Szczeci\u0144skiego. S\u0119dzia S\u0105du Rejonowego w \u0141obzie, cz\u0142onek Stowarzyszenia S\u0119dzi\u00f3w Polskich Iustitia. Zanga\u017cowany w dzia\u0142alno\u015b\u0107 edukacyjn\u0105, w ramach ,,Spotka\u0144 z paragrafem\u201d. Autor satyrycznych rysunk\u00f3w \u201e\u015alepym okiem Temidy\u201d, kt\u00f3re publikuje m.in. w czasopi\u015bmie prawniczym \u201eIn Gremio\u201d.<\/p>\n\n\n\n<p class=\"wp-block-paragraph\"><\/p>\n<\/div><\/div>\n\n\n\n<div style=\"height:100px\" aria-hidden=\"true\" class=\"wp-block-spacer\"><\/div>\n\n\n\n<div class=\"wp-block-media-text is-stacked-on-mobile\" style=\"grid-template-columns:22% auto\"><figure class=\"wp-block-media-text__media\"><img loading=\"lazy\" decoding=\"async\" width=\"1024\" height=\"1024\" src=\"https:\/\/obliczaprocesukarnego.usz.edu.pl\/wp-content\/uploads\/2024\/10\/394576245_3052664914877153_7415517555965286068_n-1024x1024.jpg\" alt=\"\" class=\"wp-image-865 size-full\" srcset=\"https:\/\/obliczaprocesukarnego.usz.edu.pl\/wp-content\/uploads\/2024\/10\/394576245_3052664914877153_7415517555965286068_n-1024x1024.jpg 1024w, https:\/\/obliczaprocesukarnego.usz.edu.pl\/wp-content\/uploads\/2024\/10\/394576245_3052664914877153_7415517555965286068_n-300x300.jpg 300w, https:\/\/obliczaprocesukarnego.usz.edu.pl\/wp-content\/uploads\/2024\/10\/394576245_3052664914877153_7415517555965286068_n-150x150.jpg 150w, https:\/\/obliczaprocesukarnego.usz.edu.pl\/wp-content\/uploads\/2024\/10\/394576245_3052664914877153_7415517555965286068_n-768x768.jpg 768w, https:\/\/obliczaprocesukarnego.usz.edu.pl\/wp-content\/uploads\/2024\/10\/394576245_3052664914877153_7415517555965286068_n.jpg 1536w\" sizes=\"auto, (max-width: 1024px) 100vw, 1024px\" \/><\/figure><div class=\"wp-block-media-text__content\">\n<p class=\"wp-block-paragraph\"><\/p>\n\n\n\n<h3 class=\"wp-block-heading\"><strong>mgr Wojciech Szelestowicz<\/strong><\/h3>\n\n\n\n<p class=\"wp-block-paragraph\">Magister prawa, zatrudniony na stanowisku Wyk\u0142adowcy na Wydziale Prawa i Administracji Uniwersytetu Szczeci\u0144skiego, Cz\u0142onek Zespo\u0142u kierunku Prawo. Wieloletni Cz\u0142onek Sekcji Karnej Studenckiej Poradni Prawnej dzia\u0142aj\u0105cej w ramach Kliniki Prawa WPiA US, Prezes Ko\u0142a Naukowego Nauk Penalnych \u201eUltima Ratio\u201d w latach 2022-2024 r. Aplikant adwokacki (Okr\u0119gowa Rada Adwokacka w Szczecinie).<\/p>\n\n\n\n<p class=\"wp-block-paragraph\">Jego zainteresowania naukowe koncentruj\u0105 si\u0119 na prawie karnym procesowym, w szczeg\u00f3lno\u015bci na post\u0119powaniu dowodowym, post\u0119powaniu przygotowawczym oraz wp\u0142ywie nowych technologii na post\u0119powanie karne a tak\u017ce na kryminalistyce ze szczeg\u00f3lnym uwzgl\u0119dnieniem informatyki \u015bledczej.<\/p>\n<\/div><\/div>\n\n\n\n<div style=\"height:100px\" aria-hidden=\"true\" class=\"wp-block-spacer\"><\/div>\n\n\n\n<div style=\"height:100px\" aria-hidden=\"true\" class=\"wp-block-spacer\"><\/div>\n\n\n\n<h2 class=\"wp-block-heading has-text-align-center\">Ko\u0142o Naukowe Nauk Penalnych &#8222;Ultima Ratio&#8221;<\/h2>\n\n\n<div class=\"wp-block-image\">\n<figure class=\"aligncenter size-large is-resized\"><img loading=\"lazy\" decoding=\"async\" width=\"1024\" height=\"395\" src=\"https:\/\/obliczaprocesukarnego.usz.edu.pl\/wp-content\/uploads\/2023\/09\/KN-Ultima-Ratio-logo-1024x395.png\" alt=\"\" class=\"wp-image-368\" style=\"aspect-ratio:2.5924050632911393;width:326px;height:auto\" srcset=\"https:\/\/obliczaprocesukarnego.usz.edu.pl\/wp-content\/uploads\/2023\/09\/KN-Ultima-Ratio-logo-1024x395.png 1024w, https:\/\/obliczaprocesukarnego.usz.edu.pl\/wp-content\/uploads\/2023\/09\/KN-Ultima-Ratio-logo-300x116.png 300w, https:\/\/obliczaprocesukarnego.usz.edu.pl\/wp-content\/uploads\/2023\/09\/KN-Ultima-Ratio-logo-768x296.png 768w, https:\/\/obliczaprocesukarnego.usz.edu.pl\/wp-content\/uploads\/2023\/09\/KN-Ultima-Ratio-logo-1024x395-331x127.png 331w, https:\/\/obliczaprocesukarnego.usz.edu.pl\/wp-content\/uploads\/2023\/09\/KN-Ultima-Ratio-logo.png 1358w\" sizes=\"auto, (max-width: 1024px) 100vw, 1024px\" \/><\/figure>\n<\/div>\n\n\n<div style=\"height:100px\" aria-hidden=\"true\" class=\"wp-block-spacer\"><\/div>\n\n\n\n<div class=\"wp-block-media-text is-stacked-on-mobile\" style=\"grid-template-columns:22% auto\"><figure class=\"wp-block-media-text__media\"><img loading=\"lazy\" decoding=\"async\" width=\"1024\" height=\"1024\" src=\"https:\/\/obliczaprocesukarnego.usz.edu.pl\/wp-content\/uploads\/2025\/11\/IMG_6789-1024x1024.jpg\" alt=\"\" class=\"wp-image-1192 size-full\" srcset=\"https:\/\/obliczaprocesukarnego.usz.edu.pl\/wp-content\/uploads\/2025\/11\/IMG_6789-1024x1024.jpg 1024w, https:\/\/obliczaprocesukarnego.usz.edu.pl\/wp-content\/uploads\/2025\/11\/IMG_6789-300x300.jpg 300w, https:\/\/obliczaprocesukarnego.usz.edu.pl\/wp-content\/uploads\/2025\/11\/IMG_6789-150x150.jpg 150w, https:\/\/obliczaprocesukarnego.usz.edu.pl\/wp-content\/uploads\/2025\/11\/IMG_6789-768x768.jpg 768w, https:\/\/obliczaprocesukarnego.usz.edu.pl\/wp-content\/uploads\/2025\/11\/IMG_6789-1536x1536.jpg 1536w, https:\/\/obliczaprocesukarnego.usz.edu.pl\/wp-content\/uploads\/2025\/11\/IMG_6789.jpg 1620w\" sizes=\"auto, (max-width: 1024px) 100vw, 1024px\" \/><\/figure><div class=\"wp-block-media-text__content\">\n<p class=\"wp-block-paragraph\"><\/p>\n\n\n\n<h3 class=\"wp-block-heading\"><strong>Aleksandra Poliksza<\/strong><\/h3>\n\n\n\n<p class=\"wp-block-paragraph\">Studentka IV roku Prawa na Wydziale Prawa i Administracji Uniwersytetu Szczeci\u0144skiego. Prezes Ko\u0142a Naukowego Nauk Penalnych \u201eUltima Ratio\u201d. Cz\u0142onkini Studenckiej Poradni Prawnej dzia\u0142aj\u0105cej w ramach Kliniki Prawa WPiA US.<\/p>\n\n\n\n<p class=\"wp-block-paragraph\">Jej zainteresowania naukowe koncentruj\u0105 si\u0119 na prawie karnym materialnym oraz prawie karnym procesowym, w szczeg\u00f3lno\u015bci w zakresie dotycz\u0105cym przest\u0119pczo\u015bci zorganizowanej.<\/p>\n<\/div><\/div>\n\n\n\n<div style=\"height:100px\" aria-hidden=\"true\" class=\"wp-block-spacer\"><\/div>\n\n\n\n<div class=\"wp-block-media-text is-stacked-on-mobile\" style=\"grid-template-columns:22% auto\"><figure class=\"wp-block-media-text__media\"><img loading=\"lazy\" decoding=\"async\" width=\"1024\" height=\"1024\" src=\"https:\/\/obliczaprocesukarnego.usz.edu.pl\/wp-content\/uploads\/2025\/11\/IMG_6790-1024x1024.jpg\" alt=\"\" class=\"wp-image-1193 size-full\" srcset=\"https:\/\/obliczaprocesukarnego.usz.edu.pl\/wp-content\/uploads\/2025\/11\/IMG_6790-1024x1024.jpg 1024w, https:\/\/obliczaprocesukarnego.usz.edu.pl\/wp-content\/uploads\/2025\/11\/IMG_6790-300x300.jpg 300w, https:\/\/obliczaprocesukarnego.usz.edu.pl\/wp-content\/uploads\/2025\/11\/IMG_6790-150x150.jpg 150w, https:\/\/obliczaprocesukarnego.usz.edu.pl\/wp-content\/uploads\/2025\/11\/IMG_6790-768x768.jpg 768w, https:\/\/obliczaprocesukarnego.usz.edu.pl\/wp-content\/uploads\/2025\/11\/IMG_6790.jpg 1418w\" sizes=\"auto, (max-width: 1024px) 100vw, 1024px\" \/><\/figure><div class=\"wp-block-media-text__content\">\n<p class=\"wp-block-paragraph\"><\/p>\n\n\n\n<h3 class=\"wp-block-heading\"><strong>B\u0142a\u017cej Sadowski<\/strong><\/h3>\n\n\n\n<p class=\"wp-block-paragraph\">Student IV roku Prawa na Wydziale Prawa i Administracji Uniwersytetu Szczeci\u0144skiego. Sekretarz Ko\u0142a Naukowego Nauk Penalnych \u201eUltima Ratio\u201d. Cz\u0142onek Studenckiej Poradni Prawnej dzia\u0142aj\u0105cej w ramach Kliniki Prawa WPiA US.<\/p>\n\n\n\n<p class=\"wp-block-paragraph\">Jego zainteresowania naukowe koncentruj\u0105 si\u0119 wok\u00f3\u0142 szeroko rozumianego prawa karnego procesowego oraz prawa wykrocze\u0144.<\/p>\n<\/div><\/div>\n\n\n\n<div style=\"height:100px\" aria-hidden=\"true\" class=\"wp-block-spacer\"><\/div>\n\n\n\n<div class=\"wp-block-media-text is-stacked-on-mobile\" style=\"grid-template-columns:22% auto\"><figure class=\"wp-block-media-text__media\"><img loading=\"lazy\" decoding=\"async\" width=\"1024\" height=\"1024\" src=\"https:\/\/obliczaprocesukarnego.usz.edu.pl\/wp-content\/uploads\/2025\/11\/IMG_3118-1024x1024.jpg\" alt=\"\" class=\"wp-image-1194 size-full\" srcset=\"https:\/\/obliczaprocesukarnego.usz.edu.pl\/wp-content\/uploads\/2025\/11\/IMG_3118-1024x1024.jpg 1024w, https:\/\/obliczaprocesukarnego.usz.edu.pl\/wp-content\/uploads\/2025\/11\/IMG_3118-300x300.jpg 300w, https:\/\/obliczaprocesukarnego.usz.edu.pl\/wp-content\/uploads\/2025\/11\/IMG_3118-150x150.jpg 150w, https:\/\/obliczaprocesukarnego.usz.edu.pl\/wp-content\/uploads\/2025\/11\/IMG_3118-768x768.jpg 768w, https:\/\/obliczaprocesukarnego.usz.edu.pl\/wp-content\/uploads\/2025\/11\/IMG_3118-1536x1536.jpg 1536w, https:\/\/obliczaprocesukarnego.usz.edu.pl\/wp-content\/uploads\/2025\/11\/IMG_3118-2048x2048.jpg 2048w\" sizes=\"auto, (max-width: 1024px) 100vw, 1024px\" \/><\/figure><div class=\"wp-block-media-text__content\">\n<p class=\"wp-block-paragraph\"><\/p>\n\n\n\n<h3 class=\"wp-block-heading\"><strong>Patrycja Rerek<\/strong><\/h3>\n\n\n\n<p class=\"wp-block-paragraph\">Studentka III roku Prawa na Wydziale Prawa i Administracji Uniwersytetu Szczeci\u0144skiego. Wiceprezes Ko\u0142a Naukowego Nauk Penalnych \u201eUltima Ratio\u201d.<\/p>\n\n\n\n<p class=\"wp-block-paragraph\">Jej zainteresowania naukowe koncentruj\u0105 si\u0119 na prawie karnym materialnym oraz prawie karnym procesowym, w szczeg\u00f3lno\u015bci w zakresie dotycz\u0105cym form stadialnych przest\u0119pstwa, typ\u00f3w uprzywilejowanych oraz problematyki odpowiedzialno\u015bci karnej nieletnich.<\/p>\n<\/div><\/div>\n\n\n\n<div style=\"height:100px\" aria-hidden=\"true\" class=\"wp-block-spacer\"><\/div>\n\n\n\n<div class=\"wp-block-media-text is-stacked-on-mobile\" style=\"grid-template-columns:22% auto\"><figure class=\"wp-block-media-text__media\"><img loading=\"lazy\" decoding=\"async\" width=\"1024\" height=\"1024\" src=\"https:\/\/obliczaprocesukarnego.usz.edu.pl\/wp-content\/uploads\/2025\/11\/IMG_3121-1024x1024.jpg\" alt=\"\" class=\"wp-image-1195 size-full\" srcset=\"https:\/\/obliczaprocesukarnego.usz.edu.pl\/wp-content\/uploads\/2025\/11\/IMG_3121-1024x1024.jpg 1024w, https:\/\/obliczaprocesukarnego.usz.edu.pl\/wp-content\/uploads\/2025\/11\/IMG_3121-300x300.jpg 300w, https:\/\/obliczaprocesukarnego.usz.edu.pl\/wp-content\/uploads\/2025\/11\/IMG_3121-150x150.jpg 150w, https:\/\/obliczaprocesukarnego.usz.edu.pl\/wp-content\/uploads\/2025\/11\/IMG_3121-768x768.jpg 768w, https:\/\/obliczaprocesukarnego.usz.edu.pl\/wp-content\/uploads\/2025\/11\/IMG_3121-1536x1536.jpg 1536w, https:\/\/obliczaprocesukarnego.usz.edu.pl\/wp-content\/uploads\/2025\/11\/IMG_3121-2048x2048.jpg 2048w\" sizes=\"auto, (max-width: 1024px) 100vw, 1024px\" \/><\/figure><div class=\"wp-block-media-text__content\">\n<p class=\"wp-block-paragraph\"><\/p>\n\n\n\n<h3 class=\"wp-block-heading\"><strong>Julia Sawicz<\/strong><\/h3>\n\n\n\n<p class=\"wp-block-paragraph\">Studentka III roku Prawa na Wydziale Prawa i Administracji Uniwersytetu Szczeci\u0144skiego. Wiceprezes Ko\u0142a Naukowego Nauk Penalnych \u201eUltima Ratio\u201d. <\/p>\n\n\n\n<p class=\"wp-block-paragraph\">Jej zainteresowania naukowe obejmuj\u0105 prawo karne materialne oraz prawo karne procesowe, a tak\u017ce zagadnienia z zakresu kryminologii i psychologii, w szczeg\u00f3lno\u015bci dotycz\u0105ce motywacji sprawc\u00f3w i proces\u00f3w resocjalizacji.<\/p>\n<\/div><\/div>\n\n\n\n<div style=\"height:100px\" aria-hidden=\"true\" class=\"wp-block-spacer\"><\/div>\n\n\n\n<div class=\"wp-block-media-text is-stacked-on-mobile\" style=\"grid-template-columns:22% auto\"><figure class=\"wp-block-media-text__media\"><img loading=\"lazy\" decoding=\"async\" width=\"767\" height=\"767\" src=\"https:\/\/obliczaprocesukarnego.usz.edu.pl\/wp-content\/uploads\/2025\/11\/IMG_6791.jpg\" alt=\"\" class=\"wp-image-1196 size-full\" srcset=\"https:\/\/obliczaprocesukarnego.usz.edu.pl\/wp-content\/uploads\/2025\/11\/IMG_6791.jpg 767w, https:\/\/obliczaprocesukarnego.usz.edu.pl\/wp-content\/uploads\/2025\/11\/IMG_6791-300x300.jpg 300w, https:\/\/obliczaprocesukarnego.usz.edu.pl\/wp-content\/uploads\/2025\/11\/IMG_6791-150x150.jpg 150w\" sizes=\"auto, (max-width: 767px) 100vw, 767px\" \/><\/figure><div class=\"wp-block-media-text__content\">\n<p class=\"wp-block-paragraph\"><\/p>\n\n\n\n<h3 class=\"wp-block-heading\"><strong>Magda B\u0105czkowska<\/strong><\/h3>\n\n\n\n<p class=\"wp-block-paragraph\">Studentka II roku Prawa na Wydziale Prawa i Administracji Uniwersytetu Szczeci\u0144skiego. Wiceprezes Ko\u0142a Naukowego Nauk Penalnych \u201eUltima Ratio\u201d.<\/p>\n\n\n\n<p class=\"wp-block-paragraph\">Jej zainteresowania naukowe koncentruj\u0105 si\u0119 na prawie karnym materialnym oraz prawie karnym procesowym, w szczeg\u00f3lno\u015bci na kryminologii i psychologii kryminalistycznej.<\/p>\n<\/div><\/div>\n\n\n\n<div style=\"height:100px\" aria-hidden=\"true\" class=\"wp-block-spacer\"><\/div>\n\n\n\n<div class=\"wp-block-group\"><div class=\"wp-block-group__inner-container is-layout-constrained wp-block-group-is-layout-constrained\"><\/div><\/div>\n\n\n\n<div style=\"height:100px\" aria-hidden=\"true\" class=\"wp-block-spacer\"><\/div>\n\n\n\n<div style=\"height:100px\" aria-hidden=\"true\" class=\"wp-block-spacer\"><\/div>\n\n\n\n<div style=\"height:100px\" aria-hidden=\"true\" class=\"wp-block-spacer\"><\/div>\n","protected":false},"excerpt":{"rendered":"<p>Zesp\u00f3\u0142 Badawczy Prawa Karnego Procesowego prof. dr hab. Hanna Paluszkiewicz Profesor nauk prawnych, zatrudniona na stanowisku Profesora na Wydziale Prawa i Administracji Uniwersytetu Szczeci\u0144skiego, Kierownik Zespo\u0142u Badawczego Prawa Karnego Procesowego WPiA US, Przewodnicz\u0105ca Komisji Dyscyplinarnej przy Radzie G\u0142\u00f3wnej Nauki i Szkolnictwa Wy\u017cszego (kadencja 2021-2024), radca prawny, autorka ponad stu publikacji. Prowadzi badania w zakresie praktycznych&hellip;&nbsp;<a href=\"https:\/\/obliczaprocesukarnego.usz.edu.pl\/index.php\/organizator\/\" rel=\"bookmark\">Dowiedz si\u0119 wi\u0119cej &raquo;<span class=\"screen-reader-text\">Organizator<\/span><\/a><\/p>\n","protected":false},"author":2,"featured_media":0,"parent":0,"menu_order":0,"comment_status":"closed","ping_status":"closed","template":"","meta":{"neve_meta_sidebar":"default","neve_meta_container":"","neve_meta_enable_content_width":"on","neve_meta_content_width":100,"neve_meta_title_alignment":"","neve_meta_author_avatar":"","neve_post_elements_order":"","neve_meta_disable_header":"","neve_meta_disable_footer":"","neve_meta_disable_title":"on","_themeisle_gutenberg_block_has_review":false,"footnotes":""},"class_list":["post-312","page","type-page","status-publish","hentry"],"builder_content":"","_links":{"self":[{"href":"https:\/\/obliczaprocesukarnego.usz.edu.pl\/index.php\/wp-json\/wp\/v2\/pages\/312","targetHints":{"allow":["GET"]}}],"collection":[{"href":"https:\/\/obliczaprocesukarnego.usz.edu.pl\/index.php\/wp-json\/wp\/v2\/pages"}],"about":[{"href":"https:\/\/obliczaprocesukarnego.usz.edu.pl\/index.php\/wp-json\/wp\/v2\/types\/page"}],"author":[{"embeddable":true,"href":"https:\/\/obliczaprocesukarnego.usz.edu.pl\/index.php\/wp-json\/wp\/v2\/users\/2"}],"replies":[{"embeddable":true,"href":"https:\/\/obliczaprocesukarnego.usz.edu.pl\/index.php\/wp-json\/wp\/v2\/comments?post=312"}],"version-history":[{"count":96,"href":"https:\/\/obliczaprocesukarnego.usz.edu.pl\/index.php\/wp-json\/wp\/v2\/pages\/312\/revisions"}],"predecessor-version":[{"id":1311,"href":"https:\/\/obliczaprocesukarnego.usz.edu.pl\/index.php\/wp-json\/wp\/v2\/pages\/312\/revisions\/1311"}],"wp:attachment":[{"href":"https:\/\/obliczaprocesukarnego.usz.edu.pl\/index.php\/wp-json\/wp\/v2\/media?parent=312"}],"curies":[{"name":"wp","href":"https:\/\/api.w.org\/{rel}","templated":true}]}}